{"id":9,"date":"2026-02-11T12:01:57","date_gmt":"2026-02-11T11:01:57","guid":{"rendered":"http:\/\/www.dansigurnijeginterneta.org\/?page_id=9"},"modified":"2026-02-17T09:39:16","modified_gmt":"2026-02-17T08:39:16","slug":"nova-umoma-otvara-svoja-vrata-2","status":"publish","type":"page","link":"https:\/\/www.dansigurnijeginterneta.org\/","title":{"rendered":"Po\u010detna"},"content":{"rendered":"\n<p><br><h2 class=\"wp-block-heading\">Jo\u0161 uvijek mo\u017eete sudjelovati u provedbi aktivnosti povodom Dana sigurnijeg interneta 2026<\/h2><\/p>\n\n\n\n<figure class=\"wp-block-image size-large\"><img loading=\"lazy\" decoding=\"async\" width=\"1024\" height=\"474\" src=\"https:\/\/www.dansigurnijeginterneta.org\/wp-content\/uploads\/2026\/02\/Jos-se-stignete-prijaviti-1-1024x474.png\" alt=\"\" class=\"wp-image-744\" srcset=\"https:\/\/www.dansigurnijeginterneta.org\/wp-content\/uploads\/2026\/02\/Jos-se-stignete-prijaviti-1-1024x474.png 1024w, https:\/\/www.dansigurnijeginterneta.org\/wp-content\/uploads\/2026\/02\/Jos-se-stignete-prijaviti-1-300x139.png 300w, https:\/\/www.dansigurnijeginterneta.org\/wp-content\/uploads\/2026\/02\/Jos-se-stignete-prijaviti-1-768x356.png 768w, https:\/\/www.dansigurnijeginterneta.org\/wp-content\/uploads\/2026\/02\/Jos-se-stignete-prijaviti-1.png 1026w\" sizes=\"auto, (max-width: 1024px) 100vw, 1024px\" \/><\/figure>\n\n\n\n<p>Iako je Dan sigurnijeg interneta obilje\u017een prije tjedan dana, <strong>podsje\u0107amo da je cijela velja\u010da mjesec sigurnijeg interneta \u2013 razdoblje u kojem zajedni\u010dkim aktivnostima nastavljamo promicati odgovorno, sigurno i pozitivno online okru\u017eenje za djecu i mlade.<\/strong><\/p>\n\n\n\n<p>Centar za sigurniji internet poziva sve \u0161kole, organizacije i institucije koje rade s djecom i mladima da se uklju\u010de i provedu pripremljene radionice.<\/p>\n\n\n\n<p>Sudjelovanje je jednostavno: prijavom putem online obrasca otvara se pristup besplatnim edukativnim materijalima i pripremama radionica prilago\u0111enima uzrastu \u2013 od pred\u0161kolske dobi do srednjo\u0161kolaca. Mogu\u0107e je prijaviti vi\u0161e stru\u010dnjaka iz iste ustanove, a svaki prijavljeni dobiva vlastiti pristup materijalima.<\/p>\n\n\n\n<p>Prijavi se ovdje: <a href=\"https:\/\/www.dansigurnijeginterneta.org\/index.php\/prijava\/\">https:\/\/www.dansigurnijeginterneta.org\/index.php\/prijava\/<\/a><\/p>\n\n\n\n<p>Nakon provedbe radionica sudionike poti\u010demo da ispune zavr\u0161ni obrazac kako bi zabilje\u017eili provedene aktivnosti i preuzeli potvrdu o sudjelovanju.<\/p>\n\n\n\n<p>Prijave su otvorene do <strong>27. velja\u010de 2026. u 23:59<\/strong>, a radionice se mogu provoditi tijekom cijelog mjeseca velja\u010de. Zato pozivamo sve koji se jo\u0161 nisu uklju\u010dili da iskoriste priliku, prijave se i svojim radom doprinesu stvaranju boljeg i sigurnijeg interneta za sve<hr class=\"wp-block-separator has-alpha-channel-opacity\"><\/hr><\/p>\n\n\n\n<h2 class=\"wp-block-heading\">Izvukli smo dobitnike nagrada online kviza DSI 2026<\/h2>\n\n\n\n<figure class=\"wp-block-image size-full\"><img loading=\"lazy\" decoding=\"async\" width=\"1026\" height=\"475\" src=\"https:\/\/www.dansigurnijeginterneta.org\/wp-content\/uploads\/2026\/02\/pobjednici-objava-web-1.png\" alt=\"\" class=\"wp-image-740\" srcset=\"https:\/\/www.dansigurnijeginterneta.org\/wp-content\/uploads\/2026\/02\/pobjednici-objava-web-1.png 1026w, https:\/\/www.dansigurnijeginterneta.org\/wp-content\/uploads\/2026\/02\/pobjednici-objava-web-1-300x139.png 300w, https:\/\/www.dansigurnijeginterneta.org\/wp-content\/uploads\/2026\/02\/pobjednici-objava-web-1-1024x474.png 1024w, https:\/\/www.dansigurnijeginterneta.org\/wp-content\/uploads\/2026\/02\/pobjednici-objava-web-1-768x356.png 768w\" sizes=\"auto, (max-width: 1026px) 100vw, 1026px\" \/><\/figure>\n\n\n\n<p>Jo\u0161 jedan online kviz u sklopu Dana sigurnijeg interneta je iza nas, a ispunjen je vi\u0161e od 29.000 puta.&nbsp;<\/p>\n\n\n\n<p>Hvala svima koji su rije\u0161ili kviz. Popis dobitnika donosimo sti\u017ee u nastavku teksta.&nbsp;<\/p>\n\n\n\n<p>Podsje\u0107amo vas da je online kviz organiziran povodom Dana sigurnijeg interneta 2026. zbog \u010dega posebno nagla\u0161avamo da je va\u017eno \u010duvati va\u0161e osobne podatke i ne dijeliti ih s nepoznatim osobama, zbog \u010dega ih mi ni ne tra\u017eimo od vas.&nbsp;<\/p>\n\n\n\n<h2 class=\"wp-block-heading\">VA\u017dNO!<\/h2>\n\n\n\n<h4 class=\"wp-block-heading\">UPUTE:&nbsp;<\/h4>\n\n\n\n<p>Na popisu nagra\u0111enih nalaze se dobitni kodovi na kojima nedostaje zadnjih 5 brojeva. Ukoliko prepoznate svoj kod na popisu nagra\u0111enih (prvi dio koda), potrebno je:<\/p>\n\n\n\n<ol class=\"wp-block-list\">\n<li>Ukoliko prepoznate svoj <strong><em>KOD<\/em><\/strong> na popisu nagra\u0111enih obratiti se roditelju ili skrbniku.&nbsp;<\/li>\n\n\n\n<li><strong>Isklju\u010divo roditelj ili skrbnik treba kontaktirati djelatnike Centra za sigurniji internet <\/strong>na e-mail nagrade.dsi@gmail.com&nbsp; te dogovoriti provjeru autenti\u010dnosti i preuzimanje nagrade.<\/li>\n\n\n\n<li>U e-mailu je potrebno napisati KOD s popisa nagra\u0111enih + zadnjih 5 brojeva\/slova koji nedostaju. Na taj na\u010din proveravamo jeste li dobitnik nagrade.<br><em>Roditelj ili skrbnik dobitnika iz Bosne i Hercegovine treba dogovoriti provjeru autenti\u010dnosti i preuzimanje nagrade putem maila <\/em><em>info@sigurnodijete.ba<\/em><em>&nbsp;<\/em><\/li>\n\n\n\n<li><strong>Rok za javljanje<\/strong> za javljanje za preuzimanje nagrada je <strong>20. velja\u010de 2026. godine do 12:00 sati.&nbsp;<\/strong><\/li>\n\n\n\n<li>Nakon 18. velja\u010de 2026. godine djelatnici Centra za sigurniji internet \u0107e vas kontaktirati (po\u010deti odgovarati na e-mailove). Ukoliko ne dobijete odgovor, molimo Vas za strpljenje.&nbsp;<\/li>\n<\/ol>\n\n\n\n<h4 class=\"wp-block-heading\">IZVU\u010cENI DOBITNICI NAGRADA:<\/h4>\n\n\n\n<figure class=\"wp-block-table\"><table class=\"has-fixed-layout\"><tbody><tr><td>Redni broj<\/td><td>Nagrada<\/td><td>Kod<\/td><\/tr><tr><td>1<\/td><td>Xiaomi Redmi Note 14 Lavender Purple &#8211; mobitel<\/td><td>0a715e46-e5ab-46ff-b281-b2a14b9&#8230;..&nbsp;<\/td><\/tr><tr><td>2<\/td><td>Xiaomi Redmi 10 C Black &#8211; mobitel&nbsp;&nbsp;<\/td><td>af58d71d-ae96-4d43-a832-504d3a7&#8230;..&nbsp;<\/td><\/tr><tr><td>3<\/td><td>Huawei Band 4 pametna narukvica (crna)&nbsp;<\/td><td>2c27babd-19ad-4565-8fa6-743924f&#8230;..&nbsp;<\/td><\/tr><tr><td>4<\/td><td>Huawei Band 4 pametna narukvica (crna)&nbsp;<\/td><td>c1609498-4c07-4937-a2d9-47a9572&#8230;..<\/td><\/tr><tr><td>5<\/td><td>White Shark Cheyenne 4 in 1 gaming combo (tipkovica, mi\u0161, podloga za mi\u0161 i slu\u0161alice s mikrofonom)<\/td><td>8e77845b-87d4-4881-bb87-e0d8a90&#8230;..&nbsp;<\/td><\/tr><tr><td>6<\/td><td>White Shark Cheyenne 4 in 1 gaming combo (tipkovica, mi\u0161, podloga za mi\u0161 i slu\u0161alice s mikrofonom)<\/td><td>971c9dfa-6006-421d-a12d-1857759&#8230;..<\/td><\/tr><tr><td>7<\/td><td>White Shark Cheyenne 4 in 1 gaming combo (tipkovica, mi\u0161, podloga za mi\u0161 i slu\u0161alice s mikrofonom)<\/td><td>e1d058f2-f129-44df-bdc8-efc3422&#8230;..&nbsp;<\/td><\/tr><tr><td>8<\/td><td>White Shark Apache 2 gaming combo (tipkovnica + mi\u0161)&nbsp;<\/td><td>5090f700-8780-4730-8a8f-f7eabb5&#8230;..<\/td><\/tr><tr><td>9<\/td><td>White Shark Apache 2 gaming combo (tipkovnica + mi\u0161)&nbsp;<\/td><td>c560bdf2-61ea-4f2a-b4ac-0b2b2a5&#8230;..<\/td><\/tr><tr><td>10<\/td><td>White Shark Gladiator 2 gaming keyboard<\/td><td>c12bf61a-5790-46a3-a703-1e72c3b&#8230;..<\/td><\/tr><\/tbody><\/table><\/figure>\n\n\n\n<p>\u010cestitamo svim izvu\u010denim dobitnicima! Jo\u0161 jednom Vas molimo da nam ne dostavljate svoje osobne podatke putem dru\u0161tvenih mre\u017ea, e-maila ili drugih kanala. Neophodno je da preuzimanje nagrade dogovori Va\u0161 roditelj ili skrbnik.&nbsp;<\/p>\n\n\n\n<p><strong>Maloljetna osoba ne\u0107e biti u mogu\u0107nosti samostalno preuzeti nagradu.&nbsp;<\/strong><\/p>\n\n\n\n<p>U skladu s porukom Dana sigurnijeg interneta voljeli bi da se slijedite upute koje smo dali i da po\u0161tujete pravila nagra\u0111ivanja. Va\u0161a sigurnost nam je na prvom mjestu!<\/p>\n\n\n\n<hr class=\"wp-block-separator has-alpha-channel-opacity\"\/>\n\n\n\n<div style=\"height:58px\" aria-hidden=\"true\" class=\"wp-block-spacer\"><\/div>\n\n\n\n<figure class=\"wp-block-image size-full\"><img loading=\"lazy\" decoding=\"async\" width=\"1026\" height=\"475\" src=\"https:\/\/www.dansigurnijeginterneta.org\/wp-content\/uploads\/2026\/02\/KVIZ-OTVOREN-objava-web.png\" alt=\"\" class=\"wp-image-731\" srcset=\"https:\/\/www.dansigurnijeginterneta.org\/wp-content\/uploads\/2026\/02\/KVIZ-OTVOREN-objava-web.png 1026w, https:\/\/www.dansigurnijeginterneta.org\/wp-content\/uploads\/2026\/02\/KVIZ-OTVOREN-objava-web-300x139.png 300w, https:\/\/www.dansigurnijeginterneta.org\/wp-content\/uploads\/2026\/02\/KVIZ-OTVOREN-objava-web-1024x474.png 1024w, https:\/\/www.dansigurnijeginterneta.org\/wp-content\/uploads\/2026\/02\/KVIZ-OTVOREN-objava-web-768x356.png 768w\" sizes=\"auto, (max-width: 1026px) 100vw, 1026px\" \/><\/figure>\n\n\n\n<p>S velikim veseljem objavljujemo da je na\u0161 tradicionalni online kviz povodom Dana sigurnijeg interneta upravo po\u010deo! Pozivamo svu djecu i mlade da se pridru\u017ee ovom zabavnom i edukativnom izazovu na temu sigurnosti na internetu.<\/p>\n\n\n\n<p>Kviz je dostupan za ispunjavanje SAMO DANAS od 9:00 do 19:00 sati.&nbsp;<\/p>\n\n\n\n<p>Nagrade se dodjeljuju slu\u010dajnim odabirom izme\u0111u onih natjecatelja koji su kviz rije\u0161ili s 80% ili vi\u0161e to\u010dnih odgovora.&nbsp;<\/p>\n\n\n\n<h2 class=\"wp-block-heading\"><strong>Kako sudjelovati u online kvizu?<\/strong><\/h2>\n\n\n\n<p>Online kviz za djecu i mlade iz <strong>Hrvatske <\/strong>o sigurnosti na internetu dostupan je na poveznici:<\/p>\n\n\n\n<div class=\"wp-block-columns are-vertically-aligned-center is-layout-flex wp-container-core-columns-is-layout-9d6595d7 wp-block-columns-is-layout-flex\">\n<div class=\"wp-block-column is-vertically-aligned-center is-layout-flow wp-block-column-is-layout-flow\"><div class=\"wp-block-image\">\n<figure class=\"aligncenter size-large is-resized\"><a href=\"https:\/\/www.dansigurnijeginterneta.org\/kvizHR\/index\"><img loading=\"lazy\" decoding=\"async\" width=\"1024\" height=\"512\" src=\"https:\/\/www.dansigurnijeginterneta.org\/wp-content\/uploads\/2024\/02\/hrvatska-01-1024x512.png\" alt=\"\" class=\"wp-image-541\" style=\"width:204px;height:auto\" srcset=\"https:\/\/www.dansigurnijeginterneta.org\/wp-content\/uploads\/2024\/02\/hrvatska-01-1024x512.png 1024w, https:\/\/www.dansigurnijeginterneta.org\/wp-content\/uploads\/2024\/02\/hrvatska-01-300x150.png 300w, https:\/\/www.dansigurnijeginterneta.org\/wp-content\/uploads\/2024\/02\/hrvatska-01-768x384.png 768w, https:\/\/www.dansigurnijeginterneta.org\/wp-content\/uploads\/2024\/02\/hrvatska-01-1536x768.png 1536w, https:\/\/www.dansigurnijeginterneta.org\/wp-content\/uploads\/2024\/02\/hrvatska-01.png 1667w\" sizes=\"auto, (max-width: 1024px) 100vw, 1024px\" \/><\/a><\/figure>\n<\/div><\/div>\n<\/div>\n\n\n\n<div class=\"wp-block-columns are-vertically-aligned-top is-layout-flex wp-container-core-columns-is-layout-9d6595d7 wp-block-columns-is-layout-flex\">\n<div class=\"wp-block-column is-vertically-aligned-top is-layout-flow wp-block-column-is-layout-flow\">\n<p class=\"has-text-align-center\"><a href=\"https:\/\/www.dansigurnijeginterneta.org\/kvizHR\/index\">Hrvatska<\/a><\/p>\n<\/div>\n<\/div>\n\n\n\n<p>Online kviz za djecu i mlade iz Bosne i Hercegovine o sigurnosti na internetu dostupan je na poveznici:<\/p>\n\n\n<div class=\"wp-block-image\">\n<figure class=\"aligncenter size-large is-resized\"><a href=\"https:\/\/www.dansigurnijeginterneta.org\/kvizBIH\/\"><img loading=\"lazy\" decoding=\"async\" width=\"1024\" height=\"512\" src=\"https:\/\/www.dansigurnijeginterneta.org\/wp-content\/uploads\/2024\/02\/bosna-01-1024x512.png\" alt=\"\" class=\"wp-image-542\" style=\"width:204px;height:auto\" srcset=\"https:\/\/www.dansigurnijeginterneta.org\/wp-content\/uploads\/2024\/02\/bosna-01-1024x512.png 1024w, https:\/\/www.dansigurnijeginterneta.org\/wp-content\/uploads\/2024\/02\/bosna-01-300x150.png 300w, https:\/\/www.dansigurnijeginterneta.org\/wp-content\/uploads\/2024\/02\/bosna-01-768x384.png 768w, https:\/\/www.dansigurnijeginterneta.org\/wp-content\/uploads\/2024\/02\/bosna-01-1536x768.png 1536w, https:\/\/www.dansigurnijeginterneta.org\/wp-content\/uploads\/2024\/02\/bosna-01.png 1667w\" sizes=\"auto, (max-width: 1024px) 100vw, 1024px\" \/><\/a><\/figure>\n<\/div>\n\n\n<div class=\"wp-block-columns is-layout-flex wp-container-core-columns-is-layout-9d6595d7 wp-block-columns-is-layout-flex\">\n<div class=\"wp-block-column is-vertically-aligned-top is-layout-flow wp-block-column-is-layout-flow\">\n<p class=\"has-text-align-center\"><a href=\"https:\/\/www.dansigurnijeginterneta.org\/kvizBIH\/\">Bosna i Hercegovina<\/a><\/p>\n<\/div>\n<\/div>\n\n\n\n<p>Za pristupanje kvizu ne trebate ostavljati svoje osobne podatke.&nbsp;<\/p>\n\n\n\n<p>Sretno svima!<\/p>\n\n\n\n<hr class=\"wp-block-separator has-alpha-channel-opacity\"\/>\n\n\n\n<div style=\"height:68px\" aria-hidden=\"true\" class=\"wp-block-spacer\"><\/div>\n\n\n\n<h2 class=\"wp-block-heading\">Prijave za konferenciju u Zagrebu su ZATVORENE<\/h2>\n\n\n\n<figure class=\"wp-block-image size-full\"><img loading=\"lazy\" decoding=\"async\" width=\"1024\" height=\"474\" src=\"https:\/\/www.dansigurnijeginterneta.org\/wp-content\/uploads\/2026\/02\/unnamed.jpg\" alt=\"\" class=\"wp-image-716\" srcset=\"https:\/\/www.dansigurnijeginterneta.org\/wp-content\/uploads\/2026\/02\/unnamed.jpg 1024w, https:\/\/www.dansigurnijeginterneta.org\/wp-content\/uploads\/2026\/02\/unnamed-300x139.jpg 300w, https:\/\/www.dansigurnijeginterneta.org\/wp-content\/uploads\/2026\/02\/unnamed-768x356.jpg 768w\" sizes=\"auto, (max-width: 1024px) 100vw, 1024px\" \/><\/figure>\n\n\n\n<p><strong>Hvala vam na iznimnom interesu!<\/strong><\/p>\n\n\n\n<p>Obavje\u0161tavamo vas da su prijave za sudjelovanje na konferenciji u Zagrebu, koja se odr\u017eava povodom <strong>Dana sigurnijeg interneta 2026.<\/strong>, slu\u017ebeno zatvorene zbog popunjenja kapaciteta.<\/p>\n\n\n\n<p>Odu\u0161evljeni smo va\u0161im odazivom i motivacijom da zajedno gradimo bolji i sigurniji digitalni svijet. Velik broj pristiglih prijava potvr\u0111uje va\u017enost ove teme i snagu na\u0161e zajednice u promicanju digitalne dobrobiti.<\/p>\n\n\n\n<p>Hvala vam \u0161to ste dio inicijative <strong>&#8220;Zajedno za bolji internet&#8221;<\/strong>!<\/p>\n\n\n\n<hr class=\"wp-block-separator has-alpha-channel-opacity\"\/>\n\n\n\n<div style=\"height:82px\" aria-hidden=\"true\" class=\"wp-block-spacer\"><\/div>\n\n\n\n<h2 class=\"wp-block-heading\">Prijave za DSI 2026 su otvorene<\/h2>\n\n\n\n<figure class=\"wp-block-image size-large\"><img loading=\"lazy\" decoding=\"async\" width=\"1024\" height=\"474\" src=\"https:\/\/www.dansigurnijeginterneta.org\/wp-content\/uploads\/2026\/01\/Dsi-2026-web-vizuali-prijave-su-otvorene-1024x474.png\" alt=\"\" class=\"wp-image-704\" srcset=\"https:\/\/www.dansigurnijeginterneta.org\/wp-content\/uploads\/2026\/01\/Dsi-2026-web-vizuali-prijave-su-otvorene-1024x474.png 1024w, https:\/\/www.dansigurnijeginterneta.org\/wp-content\/uploads\/2026\/01\/Dsi-2026-web-vizuali-prijave-su-otvorene-300x139.png 300w, https:\/\/www.dansigurnijeginterneta.org\/wp-content\/uploads\/2026\/01\/Dsi-2026-web-vizuali-prijave-su-otvorene-768x355.png 768w, https:\/\/www.dansigurnijeginterneta.org\/wp-content\/uploads\/2026\/01\/Dsi-2026-web-vizuali-prijave-su-otvorene-1536x710.png 1536w, https:\/\/www.dansigurnijeginterneta.org\/wp-content\/uploads\/2026\/01\/Dsi-2026-web-vizuali-prijave-su-otvorene-2048x947.png 2048w\" sizes=\"auto, (max-width: 1024px) 100vw, 1024px\" \/><\/figure>\n\n\n\n<p><strong>Pro\u0161le je godine preko 21 000 djece i mladih sudjelovalo u ovoj aktivnosti<\/strong>, a <strong>radionice su provedene preko 900 puta<\/strong>.&nbsp; Sudjelujmo i ove godine u \u0161to ve\u0107em broju i poka\u017eimo da zajedni\u0161tvom dolazimo do rezultata.<\/p>\n\n\n\n<p><strong>Prijave za sudjelovanje u zajedni\u010dkom obilje\u017eavanju Dana sigurnijeg interneta 10. velja\u010de 2026. godine su, zato, otvorene!<\/strong> Pridru\u017eite nam se na Danu sigurnijeg interneta i u\u010dinimo internet boljim mjestom za sve nas.<\/p>\n\n\n\n<p>Pozivamo sve zainteresirane \u0161kole, organizacije i institucije koje rade s djecom i mladima da provedu radionice koje smo vam pripremili.&nbsp;<\/p>\n\n\n\n<p>Nakon ispunjavanja ove prijave na mail koji ste naveli primit \u0107ete kopiju svojih odgovora zajedno s poveznicom za preuzimanje <strong>besplatnog edukativnog materijala<\/strong>, tj. pripreme radionica ovisno o uzrastu (pred\u0161kolski, 1-4. razred O\u0160, 5.-8. razred O\u0160, 1.-4. razred S\u0160).<\/p>\n\n\n\n<p><strong>Teme <\/strong>koje se ove godine prote\u017eu kroz radionice su povezivanje emocionalne i digitalne pismenosti, s naglaskom na prepoznavanje znakova neprimjerenog sadr\u017eaja online.&nbsp;<\/p>\n\n\n\n<p>Mogu\u0107e su prijave vi\u0161e stru\u010dnjaka iz iste \u0161kole, organizacije i institucije. Svakom prijavljenom se po ispunjavanju prijavnog obrasca otvara pristup besplatnom edukativnom materijalu.&nbsp;<\/p>\n\n\n\n<p><strong>Kako se prijaviti?<\/strong><\/p>\n\n\n\n<p>Prijavom za sudjelovanje putem <a href=\"https:\/\/bit.ly\/4t0wP1q\"><strong>LINKA<\/strong><\/a> si otvarate pristup besplatnom edukativnom materijalu, tj. pripremama radionica za odre\u0111eni uzrast. Nakon provedbe pripremljenih radionica, poti\u010demo vas da nas izvijestite o u\u010dinjenom kroz ispunjavanje <a href=\"https:\/\/bit.ly\/4jYt6NP\"><strong>OBRASCA<\/strong><\/a><strong>.<\/strong><\/p>\n\n\n\n<p>Nakon ispunjavanja ovog obrasca bit \u0107e vam dostupna potvrda sudjelovanja u aktivnosti odr\u017eavanja radionica.<\/p>\n\n\n\n<p><strong>Prijaviti se mo\u017eete do 27. velja\u010de 2026. godine do 23:59, a radionice mo\u017eete provoditi kroz cijelu velja\u010du \u2013 mjesec sigurnijeg interneta.<\/strong><\/p>\n\n\n\n<p>U\u010dinimo zajedno Internet boljim mjestom za sve nas.&nbsp;<\/p>\n\n\n\n<hr class=\"wp-block-separator has-alpha-channel-opacity\"\/>\n\n\n\n<div style=\"height:58px\" aria-hidden=\"true\" class=\"wp-block-spacer\"><\/div>\n\n\n\n<h2 class=\"wp-block-heading\">Program Dana sigurnijeg interneta 2026.<\/h2>\n\n\n\n<figure class=\"wp-block-image size-large\"><img loading=\"lazy\" decoding=\"async\" width=\"1024\" height=\"474\" src=\"https:\/\/www.dansigurnijeginterneta.org\/wp-content\/uploads\/2026\/01\/sto-smo-pripremili-nasl-dsi-web-1024x474.png\" alt=\"\" class=\"wp-image-695\" srcset=\"https:\/\/www.dansigurnijeginterneta.org\/wp-content\/uploads\/2026\/01\/sto-smo-pripremili-nasl-dsi-web-1024x474.png 1024w, https:\/\/www.dansigurnijeginterneta.org\/wp-content\/uploads\/2026\/01\/sto-smo-pripremili-nasl-dsi-web-300x139.png 300w, https:\/\/www.dansigurnijeginterneta.org\/wp-content\/uploads\/2026\/01\/sto-smo-pripremili-nasl-dsi-web-768x355.png 768w, https:\/\/www.dansigurnijeginterneta.org\/wp-content\/uploads\/2026\/01\/sto-smo-pripremili-nasl-dsi-web-1536x710.png 1536w, https:\/\/www.dansigurnijeginterneta.org\/wp-content\/uploads\/2026\/01\/sto-smo-pripremili-nasl-dsi-web-2048x947.png 2048w\" sizes=\"auto, (max-width: 1024px) 100vw, 1024px\" \/><\/figure>\n\n\n\n<p>Dan sigurnijeg interneta (<em>eng. Safer Internet Day<\/em>) je svjetska kampanja koja se obilje\u017eava <strong>drugog utorka u velja\u010di svake godine<\/strong> s ciljem promicanja sigurnije, odgovornije i pozitivnije upotrebe tehnologija i interneta, posebno me\u0111u djecom i mladima.<\/p>\n\n\n\n<p>Ovaj dan <strong>prvi put obilje\u017eio se 2004. godine<\/strong> u okviru EU projekta <em>SafeBorders<\/em>, a od 2005. godine provodi ga mre\u017ea Insafe. Danas se ovaj dan obilje\u017eava u vi\u0161e od 180 zemalja diljem svijeta.<\/p>\n\n\n\n<p>Ove godine dan sigurnijeg interneta obilje\u017eava se <strong>10. velja\u010de 2026. godine<\/strong>, a Centar za sigurniji internet Hrvatska, kao dio Insafe mre\u017ee, obilje\u017eava ga organiziranjem brojnih aktivnosti pod krovnim sloganom \u201eZajedno za bolji Internet\u201c. Aktivnosti su usmjerene na educiranje i osvje\u0161tavanje djece, mladih i stru\u010dnjaka o sigurnom i odgovornom pona\u0161anju u digitalnom svijetu.<\/p>\n\n\n\n<p><strong>Dan sigurnijeg interneta 2026 obilje\u017eava se u\u017eivo u tri grada \u2013 Osijek, Zagreb i Split.<\/strong> Na\u0161i \u0107e stru\u010dnjaci u svakom gradu provoditi radionice i predavanja, a dio njih \u0107e sudjelovati na sredi\u0161njem doga\u0111aju &#8211; konferenciji koju organiziramo u Zagrebu.<\/p>\n\n\n\n<p>Pozivamo vas na pra\u0107enje vijesti koje postavljamo na ovoj stranici kao i na stranicama<a href=\"https:\/\/csi.hr\/\"> Centra za sigurniji internet<\/a> te na slu\u017ebenoj stranici <a href=\"https:\/\/www.dansigurnijeginterneta.org\/\">Dana sigurnijeg interneta<\/a>.&nbsp;<\/p>\n\n\n\n<h3 class=\"wp-block-heading\">Konferencija \u201cZajedno za bolji internet\u201d u Zagrebu<\/h3>\n\n\n\n<p>U utorak 10. velja\u010de 2026. odr\u017eat \u0107e se konferencija \u201e<strong>Zajedno za bolji internet<\/strong>\u201c u organizaciji HAKOM-a, Centra za sigurniji internet i CARNET-ovog Nacionalnog CERT-a. Konferencija okuplja stru\u010dnjake, institucije, u\u010ditelje, roditelje i u\u010denike s ciljem ja\u010danja sigurnosti djece i mladih u digitalnom okru\u017eenju. Govorit \u0107e se o elektroni\u010dkom nasilju, za\u0161titi osobnih podataka, online seksualnom nasilju, umjetnoj inteligenciji i digitalnoj pismenosti. Poseban naglasak stavljen je na uklju\u010divanje djece i mladih u javni dijalog o sigurnijem internetu.&nbsp;<\/p>\n\n\n\n<p><strong>Prijave za konferenciju su ZATVORENE! Hvala svima na prijavi!<\/strong><\/p>\n\n\n\n<h3 class=\"wp-block-heading\">Online kviz&nbsp;<\/h3>\n\n\n\n<p>Osim \u201coffline\u201d aktivnosti, opet smo pripremili i online kviz za djecu i mlade s vrijednim nagradama za najsretnije. Kviz \u0107e biti otvoren za ispunjavanje <strong>na dan 10.02.2026. godine od 9:00 do 19:00 sati.<\/strong> Pitanja su ve\u0107 spremna, a pravila sudjelovanja i popis vrijednih nagrada objavljujemo nekoliko dana prije kviza. Pratite nas!&nbsp;<\/p>\n\n\n\n<h3 class=\"wp-block-heading\">Poziv za u\u010ditelje, nastavnike i stru\u010dnjake<\/h3>\n\n\n\n<p>Centar za sigurniji internet poziva sve u\u010ditelje, nastavnike i suradnike u \u0161kolama, vrti\u0107ima i ustanovama koje rade s djecom djecom da se pridru\u017ee obilje\u017eavanju Dana sigurnijeg interneta provedbom radionica s u\u010denicima. Za potrebe provedbe aktivnosti Centar je pripremio besplatne materijale i smjernice koje \u0107e olak\u0161ati edukaciju djece o sigurnom pona\u0161anju na internetu. Ove godine usmjerili smo se na temu povezivanja digitalne i emocionalne pismenosti, s naglaskom na prepoznavanje neprimjerenog sadr\u017eaja online.&nbsp;<\/p>\n\n\n\n<p>Materijali su dostupni na slu\u017ebenoj stranici Dana sigurnijeg interneta, a mogu se prilagoditi razli\u010ditim uzrastima i razinama znanja. <strong>Prijave za sudjelovanje otvaramo uskoro, a pripremeljene radionice bit \u0107e mogu\u0107e provesti tijekom cijele velja\u010de &#8211; mjeseca sigurnijeg interneta.&nbsp;<\/strong><\/p>\n\n\n\n<p>Pozivamo sve koji rade s djecom da se pridru\u017ee ovom va\u017enom doga\u0111aju te zajedno s nama doprinesu stvaranju sigurnijeg i odgovornijeg digitalnog okru\u017eenja za sve generacije. Za vi\u0161e informacija o programu i materijalima pratite:&nbsp;<\/p>\n\n\n\n<p><a href=\"https:\/\/www.dansigurnijeginterneta.org\/\">https:\/\/www.dansigurnijeginterneta.org\/<\/a><\/p>\n\n\n\n<p><a href=\"https:\/\/csi.hr\/\">https:\/\/csi.hr\/<\/a><\/p>\n\n\n\n<p>Facebook: <a href=\"https:\/\/www.facebook.com\/csihrv\">https:\/\/www.facebook.com\/csihrv<\/a>&nbsp;<\/p>\n\n\n\n<p>Instagram:<a href=\"https:\/\/www.instagram.com\/csi.hr\/\"> https:\/\/www.instagram.com\/csi.hr\/<\/a><\/p>\n\n\n\n<p>TikTok:<a href=\"https:\/\/www.tiktok.com\/@csihr\"> https:\/\/www.tiktok.com\/@csihr<\/a><\/p>\n\n\n\n<p>YouTube:<a href=\"https:\/\/www.youtube.com\/@centarzasigurnijiinternet3001\/featured\"> https:\/\/www.youtube.com\/@centarzasigurnijiinternet3001\/featured<\/a>&nbsp;<\/p>\n\n\n\n<p>LinkedIn:<a href=\"https:\/\/www.linkedin.com\/company\/centar-za-sigurniji-internet\/\"> https:\/\/www.linkedin.com\/company\/centar-za-sigurniji-internet\/<\/a>&nbsp;<\/p>\n\n\n\n<hr class=\"wp-block-separator has-alpha-channel-opacity\"\/>\n\n\n\n<div style=\"height:58px\" aria-hidden=\"true\" class=\"wp-block-spacer\"><\/div>\n\n\n\n<h3 class=\"wp-block-heading\">Program Dana sigurnijeg interneta 2026.<\/h3>\n\n\n\n<figure class=\"wp-block-image size-large\"><img loading=\"lazy\" decoding=\"async\" width=\"1024\" height=\"577\" src=\"https:\/\/www.dansigurnijeginterneta.org\/wp-content\/uploads\/2026\/01\/DSI-Program-konferencije-2026-1024x577.png\" alt=\"\" class=\"wp-image-692\" srcset=\"https:\/\/www.dansigurnijeginterneta.org\/wp-content\/uploads\/2026\/01\/DSI-Program-konferencije-2026-1024x577.png 1024w, https:\/\/www.dansigurnijeginterneta.org\/wp-content\/uploads\/2026\/01\/DSI-Program-konferencije-2026-300x169.png 300w, https:\/\/www.dansigurnijeginterneta.org\/wp-content\/uploads\/2026\/01\/DSI-Program-konferencije-2026-768x433.png 768w, https:\/\/www.dansigurnijeginterneta.org\/wp-content\/uploads\/2026\/01\/DSI-Program-konferencije-2026-1536x866.png 1536w, https:\/\/www.dansigurnijeginterneta.org\/wp-content\/uploads\/2026\/01\/DSI-Program-konferencije-2026.png 1926w\" sizes=\"auto, (max-width: 1024px) 100vw, 1024px\" \/><\/figure>\n\n\n\n<hr class=\"wp-block-separator has-alpha-channel-opacity\"\/>\n\n\n\n<div style=\"height:67px\" aria-hidden=\"true\" class=\"wp-block-spacer\"><\/div>\n\n\n\n<h3 class=\"wp-block-heading\">Prijave za sudjelovanje na konferenciji u Zagrebu su otvorene<\/h3>\n\n\n\n<figure class=\"wp-block-image size-large\"><img loading=\"lazy\" decoding=\"async\" width=\"1024\" height=\"473\" src=\"https:\/\/www.dansigurnijeginterneta.org\/wp-content\/uploads\/2026\/01\/prijave-web-vizual-1024x473.png\" alt=\"\" class=\"wp-image-678\" srcset=\"https:\/\/www.dansigurnijeginterneta.org\/wp-content\/uploads\/2026\/01\/prijave-web-vizual-1024x473.png 1024w, https:\/\/www.dansigurnijeginterneta.org\/wp-content\/uploads\/2026\/01\/prijave-web-vizual-300x139.png 300w, https:\/\/www.dansigurnijeginterneta.org\/wp-content\/uploads\/2026\/01\/prijave-web-vizual-768x355.png 768w, https:\/\/www.dansigurnijeginterneta.org\/wp-content\/uploads\/2026\/01\/prijave-web-vizual-1536x710.png 1536w, https:\/\/www.dansigurnijeginterneta.org\/wp-content\/uploads\/2026\/01\/prijave-web-vizual-2048x947.png 2048w\" sizes=\"auto, (max-width: 1024px) 100vw, 1024px\" \/><\/figure>\n\n\n\n<p>U vremenu u kojem djeca i mladi odrastaju okru\u017eeni digitalnim tehnologijama, sigurnost na internetu postaje jedno od klju\u010dnih dru\u0161tvenih pitanja. Upravo zato se i ove godine, drugog utorka u velja\u010di, u Hrvatskoj obilje\u017eava Dan sigurnijeg interneta. Globalna je to inicijativa koja okuplja vi\u0161e od 180 zemalja svijeta s ciljem stvaranja sigurnijeg, odgovornijeg i kvalitetnijeg digitalnog okru\u017eenja za sve.<\/p>\n\n\n\n<p>Povodom Dana sigurnijeg interneta, u utorak, 10. velja\u010de 2026. godine \u0107e se odr\u017eati konferencija \u201eZajedno za bolji internet\u201c, koju organizira Hrvatska regulatorna agencija za mre\u017ene djelatnosti (HAKOM), Centar za sigurniji internet i CARNET-ov Nacionalni CERT.<\/p>\n\n\n\n<p>&#8211; Konferencija \u0107e okupiti stru\u010dnjake iz podru\u010dja obrazovanja, psihologije, kiberneti\u010dke sigurnosti i medija, predstavnike institucija, u\u010ditelje i roditelje, ali i same u\u010denike, jer djeca danas nisu samo pasivni korisnici interneta koje treba za\u0161tititi, nego aktivni sudionici digitalnog prostora koji imaju pravo glasa u njegovu oblikovanju i koje \u017eelimo uklju\u010diti u aktivnosti koje HAKOM provodi. S ciljem promicanja za\u0161tite ranjivih skupina korisnika elektroni\u010dkih komunikacijskih usluga, a to su djeca, osnovali smo Savjetodavni mehanizam za za\u0161titu djece u digitalnom okru\u017eenju u kojem sudjeluju predstavnici udruga, nadle\u017enih dr\u017eavnih tijela i operatora. HAKOM je u Hrvatskoj koordinator za digitalne usluge i provedbu Akta o digitalnim uslugama \u2013 rekao je Miran Gosta, ravnatelj HAKOM-a.<\/p>\n\n\n\n<p>Teme o kojima \u0107e se govoriti na ovogodi\u0161njoj konferenciji su prevencija elektroni\u010dkog nasilja, za\u0161tita osobnih podataka djece, online seksualno nasilje, cybertrauma, upotreba umjetne inteligencije me\u0111u djecom kao i dostupnost kvalitetnih, dobno primjerenih i sigurnih internetskih sadr\u017eaja.<\/p>\n\n\n\n<p>&#8211; CARNET-ov Nacionalni CERT svakodnevno prati i analizira kiberneti\u010dke prijetnje koje se reflektiraju i na digitalno okru\u017eenje djece i mladih, poput elektroni\u010dkog nasilja, kra\u0111e osobnih podataka i manipulacija sadr\u017eajem. U vremenu u kojem umjetna inteligencija postaje dio dje\u010dje svakodnevice, neophodno je ja\u010dati njihovu digitalnu pismenost, osna\u017eivati roditelje i odgojno-obrazovne djelatnike kako bismo stvorili sigurniji digitalni prostor za svako dijete \u2013 dodao je Miro \u0110uzel, pomo\u0107nik ravnatelja CARNET-a za Nacionalni CERT.<\/p>\n\n\n\n<p>Kroz kontinuiran rad tijekom cijele godine, Centar za sigurniji internet naglasak stavlja na sigurnost djece i mladih u digitalnom okru\u017eenju kroz nacionalne kampanje, edukativne programe, konferencije, predavanja za djecu, roditelje i odgojno-obrazovne djelatnike, ali i kroz svakodnevno pru\u017eanje stru\u010dne podr\u0161ke onima koji se suo\u010davaju s online rizicima. Upravo zato konferencija \u201eZajedno za bolji internet\u201c otvara prostor za razgovor o odgovornom digitalnom pona\u0161anju, ulozi roditelja i obrazovnog sustava, kao i o nu\u017enosti koordinirane i dugoro\u010dne institucionalne podr\u0161ke djeci u online okru\u017eenju.<\/p>\n\n\n\n<p>&#8211; Djeca danas odrastaju u digitalnom svijetu koji im nudi ogromne prilike, ali i ozbiljne rizike. Na\u0161a je odgovornost da im budemo podr\u0161ka, ne samo kroz upozorenja, nego prvenstveno kroz znanje, razumijevanje i konkretne alate za sigurno pona\u0161anje na internetu. Sigurniji internet ne gradi se jedan dan u godini, nego svakodnevnim radom, suradnjom s djecom i mladima, ali i sa svim segmentima dru\u0161tva &#8211; istaknuo je Tomislav Ramljak, voditelj Centra za sigurniji internet.<\/p>\n\n\n\n<p>Jedan od sna\u017enijih elemenata konferencije bit \u0107e uvodna rasprava koju \u0107e moderirati u\u010denik, a u kojoj \u0107e predstavnici institucija odgovarati na pitanja o tome kako oni vide bolji i sigurniji internet za sve. Planirana je i panel rasprava u kojoj \u0107e sudjelovati u\u010denici i influenceri, \u010dime se dodatno nagla\u0161ava va\u017enost uklju\u010divanja mladih u javni dijalog o digitalnoj sigurnosti.<\/p>\n\n\n\n<p>Povodom obilje\u017eavanja Dana sigurnijeg interneta, u\u010denicima petih razreda osnovnih \u0161kola diljem Hrvatske bit \u0107e distribuirana nova HAKOM-ova bro\u0161ura \u201eKlikni, ali pazi\u201c, namijenjena djeci i njihovim roditeljima, s prakti\u010dnim savjetima za sigurnije kori\u0161tenje interneta. Bro\u0161ura \u0107e biti dostupna i u digitalnom obliku.<\/p>\n\n\n\n<p>Konferencijom \u201eZajedno za bolji internet\u201d cilj je potaknuti sna\u017enije povezivanje institucija, stru\u010dnjaka, roditelja i mladih te poslati zajedni\u010dku poruku kako je sigurnost djece na internetu zajedni\u010dka odgovornost.<\/p>\n\n\n\n<p>Konferencija \u0107e se, kao i prethodnih godina, mo\u0107i pratiti i online, a poveznica za pra\u0107enje te program konferencije bit \u0107e objavljeni uo\u010di samog doga\u0111anja.<\/p>\n\n\n\n<hr class=\"wp-block-separator has-alpha-channel-opacity\"\/>\n\n\n\n<div style=\"height:68px\" aria-hidden=\"true\" class=\"wp-block-spacer\"><\/div>\n\n\n\n<figure class=\"wp-block-image size-large\"><img loading=\"lazy\" decoding=\"async\" width=\"1024\" height=\"473\" src=\"https:\/\/www.dansigurnijeginterneta.org\/wp-content\/uploads\/2026\/01\/uskoro-vise-web-vizual-1024x473.png\" alt=\"\" class=\"wp-image-680\" srcset=\"https:\/\/www.dansigurnijeginterneta.org\/wp-content\/uploads\/2026\/01\/uskoro-vise-web-vizual-1024x473.png 1024w, https:\/\/www.dansigurnijeginterneta.org\/wp-content\/uploads\/2026\/01\/uskoro-vise-web-vizual-300x139.png 300w, https:\/\/www.dansigurnijeginterneta.org\/wp-content\/uploads\/2026\/01\/uskoro-vise-web-vizual-768x355.png 768w, https:\/\/www.dansigurnijeginterneta.org\/wp-content\/uploads\/2026\/01\/uskoro-vise-web-vizual-1536x710.png 1536w, https:\/\/www.dansigurnijeginterneta.org\/wp-content\/uploads\/2026\/01\/uskoro-vise-web-vizual-2048x947.png 2048w\" sizes=\"auto, (max-width: 1024px) 100vw, 1024px\" \/><\/figure>\n\n\n\n<p><\/p>\n","protected":false},"excerpt":{"rendered":"<p>Jo\u0161 uvijek mo\u017eete sudjelovati u provedbi aktivnosti povodom Dana sigurnijeg interneta 2026 Iako je Dan sigurnijeg interneta obilje\u017een prije tjedan dana, podsje\u0107amo da je cijela velja\u010da mjesec sigurnijeg interneta \u2013 razdoblje u kojem zajedni\u010dkim aktivnostima nastavljamo promicati odgovorno, sigurno i pozitivno online okru\u017eenje za djecu i mlade. Centar za sigurniji internet poziva sve \u0161kole, organizacije &#8230; <a title=\"Po\u010detna\" class=\"read-more\" href=\"https:\/\/www.dansigurnijeginterneta.org\/\">Read more<\/a><\/p>\n","protected":false},"author":1,"featured_media":0,"parent":0,"menu_order":0,"comment_status":"closed","ping_status":"closed","template":"","meta":{"footnotes":""},"class_list":["post-9","page","type-page","status-publish"],"_links":{"self":[{"href":"https:\/\/www.dansigurnijeginterneta.org\/index.php\/wp-json\/wp\/v2\/pages\/9","targetHints":{"allow":["GET"]}}],"collection":[{"href":"https:\/\/www.dansigurnijeginterneta.org\/index.php\/wp-json\/wp\/v2\/pages"}],"about":[{"href":"https:\/\/www.dansigurnijeginterneta.org\/index.php\/wp-json\/wp\/v2\/types\/page"}],"author":[{"embeddable":true,"href":"https:\/\/www.dansigurnijeginterneta.org\/index.php\/wp-json\/wp\/v2\/users\/1"}],"replies":[{"embeddable":true,"href":"https:\/\/www.dansigurnijeginterneta.org\/index.php\/wp-json\/wp\/v2\/comments?post=9"}],"version-history":[{"count":119,"href":"https:\/\/www.dansigurnijeginterneta.org\/index.php\/wp-json\/wp\/v2\/pages\/9\/revisions"}],"predecessor-version":[{"id":745,"href":"https:\/\/www.dansigurnijeginterneta.org\/index.php\/wp-json\/wp\/v2\/pages\/9\/revisions\/745"}],"wp:attachment":[{"href":"https:\/\/www.dansigurnijeginterneta.org\/index.php\/wp-json\/wp\/v2\/media?parent=9"}],"curies":[{"name":"wp","href":"https:\/\/api.w.org\/{rel}","templated":true}]}}