{"id":232,"date":"2022-02-02T10:02:36","date_gmt":"2022-02-02T09:02:36","guid":{"rendered":"https:\/\/www.dansigurnijeginterneta.org\/?page_id=232"},"modified":"2022-02-07T13:36:58","modified_gmt":"2022-02-07T12:36:58","slug":"program-obiljezavanja-dana-sigurnijeg-interneta-2022","status":"publish","type":"page","link":"https:\/\/www.dansigurnijeginterneta.org\/index.php\/program-obiljezavanja-dana-sigurnijeg-interneta-2022\/","title":{"rendered":"Program obilje\u017eavanja Dana sigurnijeg interneta 2022"},"content":{"rendered":"\n<p>Ove godine Centar za sigurniji Internet priprema brojne aktivnosti za sve vas!<\/p>\n\n\n\n<p><strong>Program live eventa koji \u0107e biti dostupan za pra\u0107enje u\u017eivo na<a href=\"https:\/\/www.youtube.com\/channel\/UCOGImLmHlBh2wwE7eWPyj6Q\" target=\"_blank\" rel=\"noreferrer noopener\"> YouTube kanalu Centra za sigurniji internet<\/a> 8. velja\u010de 2022. godine<\/strong><\/p>\n\n\n\n<p><\/p>\n\n\n\n<figure class=\"wp-block-table is-style-regular\"><table><tbody><tr><td><strong>11:00 &#8211; 11:15<\/strong>  <\/td><td>Konferencija za medije<\/td><\/tr><tr><td><strong>11:15 &#8211; 11:40<\/strong>   <\/td><td>Predstavljanje preliminarnih rezultata deSHAME istra\u017eivanja u Hrvatskoj<\/td><\/tr><tr><td><strong>11:45 &#8211; 12:45 <\/strong>  <\/td><td>Panel rasprava s influencerima (Lavvek, Pvtmole\u2026)<\/td><\/tr><tr><td><strong>13:00 &#8211; 15:00<\/strong>   <\/td><td><strong>ZOOM Webinar za stru\u010dnjake<\/strong><br>\u201eUloga stru\u010dnjaka u podru\u010dju rizi\u010dnih pona\u0161anja djece i mladih na internetu\u201c<br><br>Registraciju na webinar mo\u017eete izvr\u0161iti <strong><a rel=\"noreferrer noopener\" href=\"https:\/\/us06web.zoom.us\/webinar\/register\/WN_s2HFy_djQ7ejVb-f4A2_0w\" target=\"_blank\">OVDJE!<\/a><\/strong><br><br>Nakon registracije, primit \u0107e te e-mail s potvrdom registracije i daljnjim uputama za pra\u0107enje webinara.<br><br>Izlaga\u010di:<br>\u2022   Tomislav Ramljak, <em>predsjednik Centra za nestalu i zlostavljanu djecu<\/em><br>\u2022 izv.prof.dr.sc. Lucija Vejmelka,<em> Studijski centar socijalnog rada Pravnog fakulteta u Zagrebu<\/em><br>\u2022 izv.prof.dr.sc. Miroslav Rajter, <em>Odsjek za psihologiju, Fakultet hrvatskih studija<\/em><br>\u2022  Roberta Matkovi\u0107, prof., <em>Nastavni zavod za javno zdravstvo Splitsko-dalmatinske \u017eupanije<\/em><br>\u2022  Vanja \u0160oki\u0107, mag. psych., <em>Centar za nestalu i zlostavljanu djecu<\/em><\/td><\/tr><\/tbody><\/table><\/figure>\n\n\n\n<p>Link za pra\u0107enje putem YouTube kanala bit \u0107e objavljen na sam Dan sigurnijeg interneta, 8. velja\u010de 2022. godine<\/p>\n\n\n\n<p><strong>ONLINE KVIZ<\/strong> za djecu i mlade o sigurnosti na internetu dostupan za rje\u0161avanje <strong>putem linka<\/strong> koji \u0107e biti dostupan na sam dan u vremenu od 9.00 do 19.00 sati.<\/p>\n\n\n\n<p>Upute za sudjelovanje u online kvizu dostupne su <strong><a href=\"https:\/\/www.dansigurnijeginterneta.org\/index.php\/upute-za-sudjelovanje-u-online-kvizu\/\">OVDJE!<\/a><\/strong><\/p>\n\n\n\n<p>Svi koji se \u017eele aktivno sudjelovati u obilje\u017eavanju Dana sigurnijeg interneta mogu preuzeti brojne <strong>edukativne materijale<\/strong>. Na Internet stranicama <a href=\"http:\/\/www.csi.hr\">www.csi.hr<\/a> i <a href=\"http:\/\/www.dansigurnijeginterneta.org\">www.dansigurnijeginterneta.org<\/a> uo\u010di obilje\u017eavanja mo\u0107i \u0107ete prona\u0107i slijede\u0107e materijale:<\/p>\n\n\n\n<ul class=\"wp-block-list\"><li>Kratke <strong>webinare<\/strong> koje su snimili stru\u010dnjaci iz Centra za sigurniji Internet na aktualne teme &#8211; seksting, govor mr\u017eenje, prevencija ovisnosti o ekranima, sharenting, la\u017ene vijesti, za\u0161tita privatnosti (webinari \u0107e biti dostupni na na\u0161im YouTube kanalima)<\/li><li><strong>Edukativne materijale<\/strong> na iste teme<\/li><li><strong>Podcast za roditelje<\/strong> na kojem \u0107e na\u0161i stru\u010dnjaci odgovarati na postavljena pitanja, a koji \u0107e biti dostupan <strong>7. velja\u010de 2022. godine u 17:00 sati<\/strong> na dru\u0161tvenim mre\u017eama Centra za sigurniji internet i Centra za nestalu i zlostavljanu djecu<\/li><\/ul>\n\n\n\n<p>Za sve dodatne informacije posjetite stranicu <a href=\"http:\/\/www.csi.hr\">www.csi.hr<\/a> &nbsp;ili slu\u017ebenu <a href=\"https:\/\/www.facebook.com\/csihrv\">Facebook<\/a> i <a href=\"https:\/\/www.instagram.com\/csi.hr\/\">Instagram<\/a> stranicu Centra za sigurniji Internet.<\/p>\n\n\n\n<p>Vidimo se 8. velja\u010de 2022. godine!<\/p>\n\n\n\n<p>CSI tim<\/p>\n","protected":false},"excerpt":{"rendered":"<p>Ove godine Centar za sigurniji Internet priprema brojne aktivnosti za sve vas! Program live eventa koji \u0107e biti dostupan za pra\u0107enje u\u017eivo na YouTube kanalu Centra za sigurniji internet 8. velja\u010de 2022. godine 11:00 &#8211; 11:15 Konferencija za medije 11:15 &#8211; 11:40 Predstavljanje preliminarnih rezultata deSHAME istra\u017eivanja u Hrvatskoj 11:45 &#8211; 12:45 Panel rasprava s &#8230; <a title=\"Program obilje\u017eavanja Dana sigurnijeg interneta 2022\" class=\"read-more\" href=\"https:\/\/www.dansigurnijeginterneta.org\/index.php\/program-obiljezavanja-dana-sigurnijeg-interneta-2022\/\">Read more<\/a><\/p>\n","protected":false},"author":1,"featured_media":33,"parent":0,"menu_order":0,"comment_status":"closed","ping_status":"closed","template":"","meta":{"footnotes":""},"class_list":["post-232","page","type-page","status-publish","has-post-thumbnail"],"_links":{"self":[{"href":"https:\/\/www.dansigurnijeginterneta.org\/index.php\/wp-json\/wp\/v2\/pages\/232","targetHints":{"allow":["GET"]}}],"collection":[{"href":"https:\/\/www.dansigurnijeginterneta.org\/index.php\/wp-json\/wp\/v2\/pages"}],"about":[{"href":"https:\/\/www.dansigurnijeginterneta.org\/index.php\/wp-json\/wp\/v2\/types\/page"}],"author":[{"embeddable":true,"href":"https:\/\/www.dansigurnijeginterneta.org\/index.php\/wp-json\/wp\/v2\/users\/1"}],"replies":[{"embeddable":true,"href":"https:\/\/www.dansigurnijeginterneta.org\/index.php\/wp-json\/wp\/v2\/comments?post=232"}],"version-history":[{"count":17,"href":"https:\/\/www.dansigurnijeginterneta.org\/index.php\/wp-json\/wp\/v2\/pages\/232\/revisions"}],"predecessor-version":[{"id":321,"href":"https:\/\/www.dansigurnijeginterneta.org\/index.php\/wp-json\/wp\/v2\/pages\/232\/revisions\/321"}],"wp:featuredmedia":[{"embeddable":true,"href":"https:\/\/www.dansigurnijeginterneta.org\/index.php\/wp-json\/wp\/v2\/media\/33"}],"wp:attachment":[{"href":"https:\/\/www.dansigurnijeginterneta.org\/index.php\/wp-json\/wp\/v2\/media?parent=232"}],"curies":[{"name":"wp","href":"https:\/\/api.w.org\/{rel}","templated":true}]}}